{"id":5021,"date":"2021-12-14T16:08:28","date_gmt":"2021-12-14T14:08:28","guid":{"rendered":"https:\/\/frutasbollo.es\/?page_id=5021"},"modified":"2021-12-14T16:17:56","modified_gmt":"2021-12-14T14:17:56","slug":"avis-legal","status":"publish","type":"page","link":"https:\/\/frutasbollo.es\/fr\/avis-legal\/","title":{"rendered":"Avis l\u00e9gal"},"content":{"rendered":"\n<div class=\"wp-block-group px-12 mt-12 mb-32 w-2\/3 mx-auto\"><div class=\"wp-block-group__inner-container is-layout-flow wp-block-group-is-layout-flow\">\n<p>Conform\u00e9ment \u00e0 la loi 34\/2002, sur les services de la soci\u00e9t\u00e9 de l&rsquo;information et le commerce \u00e9lectronique (LSI), nous vous informons que ce site web est g\u00e9r\u00e9 par Bollo International Fruits, S.L. dont le si\u00e8ge social est situ\u00e9 Avenida de la Valldigna, s\/n 46791 \u2013 Benifair\u00f3 de la Valldigna. Communaut\u00e9 de Valence Valence (Espagne). T\u00e9l. 962 81 04 76<\/p>\n\n\n\n<p>Toute personne acc\u00e9dant \u00e0 ce site Web assume le r\u00f4le d&rsquo;utilisateur, s&rsquo;engageant \u00e0 observer et \u00e0 respecter strictement les dispositions \u00e9tablies dans le pr\u00e9sent avis, ainsi que toute autre disposition l\u00e9gale qui pourrait \u00eatre applicable.&nbsp;<\/p>\n\n\n\n<p>ELe prestataire se r\u00e9serve le droit de modifier tout type d&rsquo;information pouvant appara\u00eetre sur le site web, sans qu&rsquo;il soit n\u00e9cessaire d&rsquo;en informer pr\u00e9alablement les utilisateurs, la publication sur le site web du prestataire \u00e9tant consid\u00e9r\u00e9e comme suffisante.<\/p>\n\n\n\n<p class=\"has-material-brand-color has-text-color\"><br><strong>RESPONSABILIT\u00c9 <\/strong><\/p>\n\n\n\n<p>EI prestador se exime dLe prestataire est exempt de tout type de responsabilit\u00e9 d\u00e9riv\u00e9e de l&rsquo;information publi\u00e9e sur son site web, \u00e0 condition que cette information ait \u00e9t\u00e9 manipul\u00e9e ou introduite par un tiers ext\u00e9rieur \u00e0 celui-ci.&nbsp;<\/p>\n\n\n\n<p>EI sitio weLe site web du prestataire peut utiliser des cookies (petits fichiers d&rsquo;information que le serveur envoie \u00e0 l&rsquo;ordinateur de la personne qui acc\u00e8de \u00e0 la page) pour r\u00e9aliser certaines fonctions consid\u00e9r\u00e9es comme essentielles pour le bon fonctionnement et la visualisation du site. Toutefois, vous pouvez vous renseigner en d\u00e9tail sur l&rsquo;utilisation des cookies par le site web en consultant notre politique en mati\u00e8re de cookies. <a href=\"https:\/\/frutasbollo.es\/politica-de-cookies\/\" data-type=\"page\" data-id=\"19\">politique en mati\u00e8re de cookies.<\/a>&nbsp;<\/p>\n\n\n\n<p>\u00c0 partir du site web, vous pouvez \u00eatre redirig\u00e9 vers le contenu de sites web de tiers. \u00c9tant donn\u00e9 que le prestataire ne peut pas toujours contr\u00f4ler les contenus introduits par des tiers sur leurs sites web, le prestataire n&rsquo;assume aucune responsabilit\u00e9 quant \u00e0 ces contenus. Dans tous les cas, le prestataire d\u00e9clare qu&rsquo;il retirera imm\u00e9diatement tout contenu susceptible de contrevenir \u00e0 la l\u00e9gislation nationale ou internationale, \u00e0 la moralit\u00e9 ou \u00e0 l&rsquo;ordre public, en supprimant imm\u00e9diatement la redirection vers ledit site web et en informant les autorit\u00e9s comp\u00e9tentes du contenu en question.<\/p>\n\n\n\n<p>Ce site web a \u00e9t\u00e9 revu et test\u00e9 pour s&rsquo;assurer de son bon fonctionnement. En principe, le bon fonctionnement peut \u00eatre garanti 365 jours par an, 24 heures sur 24. Toutefois, le prestataire n&rsquo;exclut pas la possibilit\u00e9 de l&rsquo;existence de certaines erreurs de programmation, ou la survenance de cas de force majeure, de catastrophes naturelles, de gr\u00e8ves, ou de circonstances similaires rendant impossible l&rsquo;acc\u00e8s au site web.&nbsp;<\/p>\n\n\n\n<p class=\"has-material-brand-color has-text-color\"><br><strong>PROTECTION DES DONN\u00c9ES PERSONNELLES <\/strong><\/p>\n\n\n\n<p>Le prestataire est profond\u00e9ment engag\u00e9 dans le respect de la l\u00e9gislation espagnole en mati\u00e8re de protection des donn\u00e9es personnelles, et garantit le plein respect des obligations \u00e9nonc\u00e9es, ainsi que la mise en \u0153uvre des mesures de s\u00e9curit\u00e9 pr\u00e9vues par le r\u00e8glement (UE) 2016\/679 relatif \u00e0 la protection des personnes physiques \u00e0 l&rsquo;\u00e9gard du traitement des donn\u00e9es \u00e0 caract\u00e8re personnel et \u00e0 la libre circulation de ces donn\u00e9es et la loi organique 3\/2018 relative \u00e0 la protection des donn\u00e9es personnelles et \u00e0 la garantie des droits num\u00e9riques.<\/p>\n\n\n\n<p>Le prestataire met \u00e0 la disposition des utilisateurs la politique de confidentialit\u00e9 de l&rsquo;entit\u00e9, en les informant des aspects suivants :<\/p>\n\n\n\n<ul class=\"wp-block-list\"><li>Coordonn\u00e9es du contr\u00f4leur des donn\u00e9es.<\/li><li>Donn\u00e9es trait\u00e9es.<\/li><li>Types de traitement.&nbsp;<\/li><li>Finalit\u00e9 du traitement.<\/li><li>L\u00e9gitimation nous autorisant le traitement<\/li><li>P\u00e9riodes de conservation des donn\u00e9es.<\/li><li>Sur les droits de tous les utilisateurs et la proc\u00e9dure pour les exercer.<\/li><\/ul>\n\n\n\n<p class=\"has-material-brand-color has-text-color\"><br><strong>PROPRI\u00c9T\u00c9 INTELLECTUELLE ET INDUSTRIELLE<\/strong><\/p>\n\n\n\n<p>EI sitio web, incluyendo a t\u00edtulo enunciativo pero no limitativo su programaci\u00f3n, edici\u00f3n, compilaci\u00f3n y dem\u00e1s Le site web, y compris, mais sans s&rsquo;y limiter, sa programmation, son \u00e9dition, sa compilation et les autres \u00e9l\u00e9ments n\u00e9cessaires \u00e0 son fonctionnement, les dessins, les logos, les textes et\/ou les graphiques sont la propri\u00e9t\u00e9 du prestataire ou, le cas \u00e9ch\u00e9ant, b\u00e9n\u00e9ficient d&rsquo;une licence ou d&rsquo;une autorisation expresse des auteurs. Tous les contenus du site web sont d\u00fbment prot\u00e9g\u00e9s par la r\u00e9glementation en mati\u00e8re de propri\u00e9t\u00e9 intellectuelle et industrielle, et sont inscrits dans les registres publics correspondants.<\/p>\n\n\n\n<p>Ind\u00e9pendamment de la finalit\u00e9 \u00e0 laquelle ils sont destin\u00e9s, la reproduction, l&rsquo;utilisation, l&rsquo;exploitation, la distribution et la commercialisation, totales ou partielles, n\u00e9cessitent dans tous les cas l&rsquo;autorisation \u00e9crite pr\u00e9alable du prestataire. Toute utilisation non autoris\u00e9e pr\u00e9alablement par le prestataire sera consid\u00e9r\u00e9e comme une violation grave des droits de propri\u00e9t\u00e9 intellectuelle ou industrielle de l&rsquo;auteur.<\/p>\n\n\n\n<p>Los dise\u00f1os, logotipos, texto y\/o gr\u00e1ficos ajenos Les dessins, logos, textes et\/ou graphiques n&rsquo;appartenant pas au prestataire et pouvant appara\u00eetre sur le site web appartiennent \u00e0 leurs propri\u00e9taires respectifs, qui sont eux-m\u00eames responsables de toute \u00e9ventuelle controverse pouvant survenir \u00e0 leur sujet. En tout \u00e9tat de cause, le prestataire dispose de l&rsquo;autorisation expresse et pr\u00e9alable de ce dernier.<\/p>\n\n\n\n<p>Le prestataire autorise express\u00e9ment les tiers \u00e0 rediriger directement vers les contenus sp\u00e9cifiques du site web, et doit en tout cas rediriger vers le site web principal du prestataire.<\/p>\n\n\n\n<p>Le prestataire reconna\u00eet les droits de propri\u00e9t\u00e9 industrielle et intellectuelle correspondants en faveur de leurs propri\u00e9taires, et leur simple mention ou apparition sur le site web n&rsquo;implique pas l&rsquo;existence de droits ou de responsabilit\u00e9s quelconques du prestataire \u00e0 leur \u00e9gard, ni une approbation, un parrainage ou une recommandation de sa part.<\/p>\n\n\n\n<p>Pour faire des commentaires sur d&rsquo;\u00e9ventuelles violations des droits de propri\u00e9t\u00e9 intellectuelle ou industrielle, ainsi que sur tout contenu du site web, vous pouvez le faire en envoyant un e-mail \u00e0 l&rsquo;adresse suivante : <a href=\"mailto:info@bollo.es\">info@bollo.es<\/a>&nbsp;<\/p>\n\n\n\n<p class=\"has-material-brand-color has-text-color\"><br><strong>LOI ET JURIDICTION APPLICABLES <\/strong><\/p>\n\n\n\n<p>Para la resoluci\u00f3n de todas las controversias o cuestiones relacionadas con el presente sitio web o de las actividades en Pour la r\u00e9solution de tous les litiges ou questions li\u00e9s \u00e0 ce site web ou aux activit\u00e9s qui y sont r\u00e9alis\u00e9es, la l\u00e9gislation espagnole s&rsquo;appliquera, \u00e0 laquelle les parties se soumettent express\u00e9ment, et les Cours et Tribunaux de Valence seront comp\u00e9tents pour la r\u00e9solution de tous les litiges d\u00e9coulant de ou li\u00e9s \u00e0 son utilisation.<\/p>\n<\/div><\/div>\n","protected":false},"excerpt":{"rendered":"<p>Conform\u00e9ment \u00e0 la loi 34\/2002, sur les services de la soci\u00e9t\u00e9 de l&rsquo;information et le commerce \u00e9lectronique (LSI), nous vous informons que ce site web est g\u00e9r\u00e9 par Bollo International Fruits, S.L. dont le si\u00e8ge social est situ\u00e9 Avenida de la Valldigna, s\/n 46791 \u2013 Benifair\u00f3 de la Valldigna. Communaut\u00e9 de Valence Valence (Espagne). T\u00e9l. [&hellip;]<\/p>\n","protected":false},"author":1,"featured_media":0,"parent":0,"menu_order":0,"comment_status":"closed","ping_status":"closed","template":"","meta":{"footnotes":""},"class_list":["post-5021","page","type-page","status-publish","hentry"],"_links":{"self":[{"href":"https:\/\/frutasbollo.es\/fr\/wp-json\/wp\/v2\/pages\/5021","targetHints":{"allow":["GET"]}}],"collection":[{"href":"https:\/\/frutasbollo.es\/fr\/wp-json\/wp\/v2\/pages"}],"about":[{"href":"https:\/\/frutasbollo.es\/fr\/wp-json\/wp\/v2\/types\/page"}],"author":[{"embeddable":true,"href":"https:\/\/frutasbollo.es\/fr\/wp-json\/wp\/v2\/users\/1"}],"replies":[{"embeddable":true,"href":"https:\/\/frutasbollo.es\/fr\/wp-json\/wp\/v2\/comments?post=5021"}],"version-history":[{"count":4,"href":"https:\/\/frutasbollo.es\/fr\/wp-json\/wp\/v2\/pages\/5021\/revisions"}],"predecessor-version":[{"id":5029,"href":"https:\/\/frutasbollo.es\/fr\/wp-json\/wp\/v2\/pages\/5021\/revisions\/5029"}],"wp:attachment":[{"href":"https:\/\/frutasbollo.es\/fr\/wp-json\/wp\/v2\/media?parent=5021"}],"curies":[{"name":"wp","href":"https:\/\/api.w.org\/{rel}","templated":true}]}}